{"id":16,"date":"2014-02-14T00:43:37","date_gmt":"2014-02-13T23:43:37","guid":{"rendered":"http:\/\/dzika-zagroda.pl\/?page_id=16"},"modified":"2026-01-16T15:16:58","modified_gmt":"2026-01-16T14:16:58","slug":"oferta","status":"publish","type":"page","link":"http:\/\/dzika-zagroda.pl\/?page_id=16","title":{"rendered":"Oferta"},"content":{"rendered":"\n<p>Dzika Zagroda to miejsce, w kt\u00f3rym mo\u017cecie stan\u0105\u0107 oko w oko z tajemniczym drapie\u017cnikiem naszych las\u00f3w oraz najwi\u0119kszym dzikim ssakiem w Europie! Pierwszymi mieszka\u0144cami Zagrody by\u0142y \u017cubry. Zwierz\u0119ta, kt\u00f3re obecnie tu przebywaj\u0105, przyjecha\u0142y do nas w 2014 roku z O\u015brodka Kultury Le\u015bnej w Go\u0142uchowie oraz zagrody pokazowej w Pszczynie. Odwiedzaj\u0105cy poza ogl\u0105daniem maj\u0105 niepowtarzaln\u0105 okazj\u0119 nakarmi\u0107 kr\u00f3la lasu z r\u0119ki \u017cubrowymi przysmakami &#8211; jab\u0142kami i marchewkami. Od grudnia 2015 roku do mieszka\u0144c\u00f3w Zagrody do\u0142\u0105czy\u0142y&nbsp; rysie. Koty uczestnicz\u0105 w programie reintrodukcji rysi prowadzonym przez ZTP. Drapie\u017cniki mo\u017cna obserwowa\u0107 z k\u0142adki nadziemnej oraz \u015bcie\u017cki edukacyjnej. Go\u015bciom przydzielany jest przewodnik, kt\u00f3ry opowiada o Zagrodzie i jej podopiecznych. Zapraszamy!<\/p>\n\n\n\n<p>Dzika Zagroda to du\u017cy kompleks, kt\u00f3ry sk\u0142ada si\u0119 z:<\/p>\n\n\n\n<ul>\n<li>ganku, na kt\u00f3rym mo\u017cna zobaczy\u0107 \u017cubry z bliskiej acz bezpiecznej odleg\u0142o\u015bci oraz je nakarmi\u0107;<\/li>\n\n\n\n<li>tarasu widokowego;<\/li>\n\n\n\n<li>100 metrowej k\u0142adki nadziemnej sk\u0105d mo\u017cna podziwia\u0107 \u017cubry i rysie;<\/li>\n\n\n\n<li>9 metrowej wie\u017cy widokowej;<\/li>\n\n\n\n<li>250 metrowej \u015bcie\u017cki edukacyjnej, na kt\u00f3rej mo\u017cna odpocz\u0105\u0107 i dowiedzie\u0107 si\u0119 r\u00f3\u017cnych ciekawostek o \u017cubrach, a dla grup zorganizowanych jest przygotowane miejsce na ognisko<\/li>\n<\/ul>\n\n\n\n<p>W czasie niepogody, odwiedzaj\u0105cy mog\u0105 podgl\u0105da\u0107&nbsp;\u017cubry przez du\u017ce okna w cz\u0119\u015bci dydaktycznej Zagrody, kt\u00f3ra sk\u0142ada si\u0119 z ma\u0142ego aneksu oraz du\u017cej sali konferencyjnej. Ponadto, udost\u0119pniamy podgl\u0105d \u017cubr\u00f3w na monitorach z kamer umieszczonych w trzech punktach ca\u0142ego kompleksu.<\/p>\n\n\n\n<p>Dzika Zagroda przyjmuje go\u015bci indywidualnych, kt\u00f3rzy mog\u0105 nas odwiedza\u0107:<\/p>\n\n\n\n<ul>\n<li>w okresie <strong>od 1 kwietnia do 30 wrze\u015bnia &#8211; 10:00 &#8211; 18:00<\/strong><\/li>\n\n\n\n<li>w okresie <strong>od 1 pa\u017adziernika do 31 marca &#8211; 10:00 &#8211; 16:00<\/strong><\/li>\n\n\n\n<li><strong>w ka\u017cdy poniedzia\u0142ek Zagroda jest nieczynna<\/strong><\/li>\n<\/ul>\n\n\n\n<p>Mog\u0105 nas r\u00f3wnie\u017c odwiedza\u0107 grupy zorganizowane (minimum 10 os\u00f3b), jednak te musz\u0105 si\u0119 umawia\u0107 na konkretny termin i godzin\u0119 odwiedzin. Dla takich grup przewidujemy zaj\u0119cia edukacyjne oraz udost\u0119pniamy miejsce ogniskowe.<\/p>\n\n\n\n<p class=\"has-text-align-center\"><span style=\"color: #ff0000;\">Od pa\u017adziernika 2024 r. obowi\u0105zuj\u0105 nowe zasady odwiedzania Dzikiej Zagrody<\/span><\/p>\n\n\n\n<ol>\n<li>W sezonie zimowym (pa\u017adziernik &#8211; kwiecie\u0144) Zagroda otwarta jest tylko w jeden weekend w miesi\u0105cu dla indywidualnych odwiedzaj\u0105cych, a w tygodniu roboczym mog\u0105 umawia\u0107 si\u0119 tylko grupy zorganizowane (powy\u017cej 10 os\u00f3b). Wej\u015bcie do Zagrody odbywa si\u0119 co pe\u0142n\u0105 godzin\u0119 zegarow\u0105 (ostatnie wej\u015bcie o godz. 15:00).       <\/li>\n<\/ol>\n\n\n\n<figure class=\"wp-block-table\"><table><tbody><tr><td><strong>L.p<\/strong>.<\/td><td><strong>Miesi\u0105c<\/strong><\/td><td><strong>Dni otwarte<\/strong><\/td><\/tr><tr><td>1.<\/td><td>Pa\u017adziernik 2025<\/td><td>11-12.10.2025 r., godz. 10:00-16:00<\/td><\/tr><tr><td>2.<\/td><td>Listopad 2025<\/td><td>8-9.11.2025 r., godz. 10:00-16:00<\/td><\/tr><tr><td>3.<\/td><td>Grudzie\u0144 2025<\/td><td>6-7 i 27-28.12.2025 r., godz. 10:00-16:00<\/td><\/tr><tr><td>4.<\/td><td>Stycze\u0144 2026<\/td><td>17-31.01.2026 r., godz. 10:00-16:00<\/td><\/tr><tr><td>5.<\/td><td>Luty 2026<\/td><td>01-28.02.2026 r., godz. 10:00-16:00<\/td><\/tr><tr><td>6.<\/td><td>Marzec 2026<\/td><td>01 i 21-22.03.2026 r., godz. 10:00-16:00<\/td><\/tr><tr><td>7.<\/td><td>Kwiecie\u0144 2026<\/td><td>18-19.04.2026 r., godz. 10:00-18:00<\/td><\/tr><\/tbody><\/table><\/figure>\n\n\n\n<ol>\n<li>W sezonie letnim (maj &#8211; wrzesie\u0144) Zagroda otwarta jest bez zmian, z tym \u017ce wej\u015bcia r\u00f3wnie\u017c odbywaj\u0105 si\u0119 co pe\u0142n\u0105 godzin\u0119 zegarow\u0105 i ostatnie wej\u015bcie odbywa si\u0119 o godz. 17:00. Grupy zorganizowane nadal powinny umawia\u0107 si\u0119 na wizyt\u0119. Go\u015bcie indywidualni mog\u0105 nas odwiedza\u0107: <ul> <li>w okresie <strong>od 1 kwietnia do 30 wrze\u015bnia &#8211; 10:00 &#8211; 18:00<\/strong><\/li> <li><strong>w ka\u017cdy poniedzia\u0142ek Zagroda jest nieczynna.<\/strong><\/li> <\/ul> <p>Mog\u0105 nas r\u00f3wnie\u017c odwiedza\u0107 grupy zorganizowane (minimum 10 os\u00f3b), jednak te musz\u0105 si\u0119 umawia\u0107 na konkretny termin i godzin\u0119 odwiedzin. Dla takich grup udost\u0119pniamy miejsce ogniskowe.<\/p> <\/li>\n<\/ol>\n\n\n\n<h2 class=\"wp-block-heading has-text-align-center\"><span style=\"color: #a56607;\"><b>CENNIK DZIKIEJ ZAGRODY<\/b><\/span><\/h2>\n\n\n\n<h4 class=\"wp-block-heading\"><strong><span style=\"color: #ff0000;\">Uwaga!<br>Kasa zamykana jest godzin\u0119 przed zamkni\u0119cia Zagrody.<\/span><\/strong><\/h4>\n\n\n\n<p><\/p>\n\n\n\n<figure class=\"wp-block-table\"><table><tbody><tr><td>\n<p align=\"center\"><b>LP.<\/b><\/p>\n<\/td><td>\n<p align=\"center\"><b>BILET<\/b><\/p>\n<\/td><td>\n<p align=\"center\"><b>CENA<\/b><\/p>\n<\/td><\/tr><tr><td>\n<p align=\"center\"><b>1<\/b><\/p>\n<\/td><td>\n<p align=\"center\"><b>Bilet ulgowy<\/b><br>(dzieci powy\u017cej 3 roku \u017cycia, studenci, osoby powy\u017cej 65 roku \u017cycia)<\/p>\n<\/td><td> <p align=\"center\"><b>15,00 z\u0142&nbsp;<\/b><\/p> <\/td><\/tr><tr><td>\n<p align=\"center\"><b>2<\/b><\/p>\n<\/td><td>\n<p align=\"center\"><b>Bilet normalny<\/b><\/p>\n<\/td><td> <p align=\"center\"><b>25,00 z\u0142<\/b><\/p> <\/td><\/tr><tr><td>\n<p align=\"center\"><b>3<\/b><\/p>\n<\/td><td> <p align=\"center\"><b>Bilet rodzinny<\/b><br>(2+2  rodzice z dzie\u0107mi)<\/p> <\/td><td> <p align=\"center\"><b>70,00 z\u0142<\/b><\/p> <\/td><\/tr><tr><td>\n<p align=\"center\"><b>4<\/b><\/p>\n<\/td><td>\n<p align=\"center\"><b>Bilet dla grupy zorganizowanej<\/b><b>(minimum 10 os\u00f3b)<\/b><\/p>\n<p align=\"center\">&nbsp;<\/p>\n<\/td><td> <p align=\"center\"><b>&nbsp; &nbsp;20,00 z\u0142<\/b>&nbsp;\/za osob\u0119 (bez ogniska)<\/p> <\/td><\/tr><tr><td>\n<p align=\"center\"><b>5<\/b><\/p>\n<\/td><td>\n<p align=\"center\"><b>Bilet dla grupy zorganizowanej<\/b><b>(minimum 10 os\u00f3b)<\/b><\/p>\n<p align=\"center\">&nbsp;<\/p>\n<\/td><td> <p align=\"center\"><b>25,00 z\u0142\/<\/b>osob\u0119 (z ogniskiem)<\/p> <\/td><\/tr><\/tbody><\/table><\/figure>\n\n\n\n<p class=\"has-text-align-center\"><span style=\"color: #ff0000;\"><strong>&nbsp;<\/strong><\/span><\/p>\n\n\n\n<p>","protected":false},"excerpt":{"rendered":"<p>Dzika Zagroda to miejsce, w kt\u00f3rym mo\u017cecie stan\u0105\u0107 oko w oko z tajemniczym drapie\u017cnikiem naszych las\u00f3w oraz najwi\u0119kszym dzikim ssakiem w Europie! Pierwszymi mieszka\u0144cami Zagrody by\u0142y \u017cubry. Zwierz\u0119ta, kt\u00f3re obecnie tu przebywaj\u0105, przyjecha\u0142y do nas w 2014 roku z O\u015brodka Kultury Le\u015bnej w Go\u0142uchowie oraz zagrody pokazowej w Pszczynie. Odwiedzaj\u0105cy poza ogl\u0105daniem maj\u0105 niepowtarzaln\u0105 okazj\u0119 [&hellip;]<\/p>\n","protected":false},"author":1,"featured_media":0,"parent":0,"menu_order":0,"comment_status":"open","ping_status":"closed","template":"","meta":[],"_links":{"self":[{"href":"http:\/\/dzika-zagroda.pl\/index.php?rest_route=\/wp\/v2\/pages\/16"}],"collection":[{"href":"http:\/\/dzika-zagroda.pl\/index.php?rest_route=\/wp\/v2\/pages"}],"about":[{"href":"http:\/\/dzika-zagroda.pl\/index.php?rest_route=\/wp\/v2\/types\/page"}],"author":[{"embeddable":true,"href":"http:\/\/dzika-zagroda.pl\/index.php?rest_route=\/wp\/v2\/users\/1"}],"replies":[{"embeddable":true,"href":"http:\/\/dzika-zagroda.pl\/index.php?rest_route=%2Fwp%2Fv2%2Fcomments&post=16"}],"version-history":[{"count":41,"href":"http:\/\/dzika-zagroda.pl\/index.php?rest_route=\/wp\/v2\/pages\/16\/revisions"}],"predecessor-version":[{"id":5390,"href":"http:\/\/dzika-zagroda.pl\/index.php?rest_route=\/wp\/v2\/pages\/16\/revisions\/5390"}],"wp:attachment":[{"href":"http:\/\/dzika-zagroda.pl\/index.php?rest_route=%2Fwp%2Fv2%2Fmedia&parent=16"}],"curies":[{"name":"wp","href":"https:\/\/api.w.org\/{rel}","templated":true}]}}